{"id":1894,"date":"2026-01-09T09:50:48","date_gmt":"2026-01-09T08:50:48","guid":{"rendered":"https:\/\/atodavela.eu\/?page_id=1894"},"modified":"2026-05-01T13:50:41","modified_gmt":"2026-05-01T11:50:41","slug":"practicas-habilitacion-a-vela-en-cadiz","status":"publish","type":"page","link":"https:\/\/atodavela.eu\/en\/producto\/practicas-habilitacion-a-vela-en-cadiz\/","title":{"rendered":"Pr\u00e1cticas Habilitaci\u00f3n a Vela en C\u00e1diz"},"content":{"rendered":"<div class=\"et_pb_section_0 et_pb_section et_section_regular et_block_section\">\n<div class=\"et_pb_row_0 et_pb_row et_block_row\">\n<div class=\"et_pb_column_0 et_pb_column et_pb_column_4_4 et-last-child et_block_column et_pb_css_mix_blend_mode_passthrough\">\n<div class=\"et_pb_text_0 et_pb_text et_pb_bg_layout_light et_pb_module et_block_module preset--module--divi-text--e6504a1b-67eb-4b3d-b023-bcab277610b6\"><div class=\"et_pb_text_inner\"><h3>A Toda Vela<\/h3>\n<\/div><\/div>\n\n<div class=\"et_pb_text_1 et_pb_text et_pb_bg_layout_dark et_pb_module et_block_module preset--module--divi-text--c16985e1-e0d6-4022-964d-e2bfc04fa633\"><div class=\"et_pb_text_inner\"><h1>Pr\u00e1cticas Habilitaci\u00f3n a Vela en C\u00e1diz<\/h1>\n<\/div><\/div>\n\n<div class=\"et_pb_text_2 et_pb_text et_pb_bg_layout_light et_pb_module et_block_module\"><\/div>\n<\/div>\n<\/div>\n<\/div>\n\n<div class=\"et_pb_section_1 et_pb_section et_section_regular et_flex_section\">\n<div class=\"et_pb_row_1 et_pb_row et_flex_row\">\n<div class=\"et_pb_column_1 et_pb_column et-last-child et_flex_column et_pb_css_mix_blend_mode_passthrough et_flex_column_24_24 et_flex_column_24_24_tablet et_flex_column_24_24_phone\">\n<div class=\"et_pb_module et_pb_button_module_wrapper et_pb_button_0_wrapper\"><a class=\"et_pb_button_0 et_pb_button et_pb_bg_layout_light et_pb_module et_flex_module\" href=\"https:\/\/atodavela.eu\/en\/compras\/practicas-habilitacion-a-vela-en-cadiz\/\">Reservas Online<\/a><\/div>\n<\/div>\n<\/div>\n<\/div>\n\n<div class=\"et_pb_section_2 et_pb_section et_section_regular et_flex_section\">\n<div class=\"et_pb_row_2 et_pb_row et_flex_row\">\n<div class=\"et_pb_column_2 et_pb_column et-last-child et_flex_column et_pb_css_mix_blend_mode_passthrough et_flex_column_24_24 et_flex_column_24_24_tablet et_flex_column_24_24_phone\">\n<div class=\"et_pb_text_3 et_pb_text et_pb_bg_layout_light et_pb_module et_flex_module\"><div class=\"et_pb_text_inner\"><h2 style=\"text-align: center;\"><span style=\"text-decoration: underline;\"><strong>CALENDARIO DE PR\u00c1CTICAS HABILITACI\u00d3N A VELA 2026<\/strong><\/span><\/h2>\n<\/div><\/div>\n<\/div>\n<\/div>\n<\/div>\n\n<div class=\"et_pb_section_3 et_pb_section et_section_regular et_flex_section\">\n<div class=\"et_pb_row_3 et_pb_row et_flex_row\">\n<div class=\"et_pb_column_3 et_pb_column et-last-child et_flex_column et_pb_css_mix_blend_mode_passthrough et_flex_column_24_24 et_flex_column_24_24_tablet et_flex_column_24_24_phone\">\n<div class=\"et_pb_row_4 et_pb_row et_pb_row_nested et_flex_row\">\n<div class=\"et_pb_column_4 et_pb_column et_flex_column et_pb_css_mix_blend_mode_passthrough et_flex_column_4_24 et_flex_column_8_24_tablet et_flex_column_12_24_phone\">\n<div class=\"et_pb_text_4 et_pb_text et_pb_bg_layout_light et_pb_module et_flex_module\"><div class=\"et_pb_text_inner\"><h3 style=\"text-align: center;\"><strong>MAYO 2026<\/strong><\/h3>\n<p>9\/10: 1 plaza libre.<\/p>\n<\/div><\/div>\n<\/div>\n\n<div class=\"et_pb_column_5 et_pb_column et_flex_column et_pb_css_mix_blend_mode_passthrough et_flex_column_4_24 et_flex_column_8_24_tablet et_flex_column_12_24_phone\">\n<div class=\"et_pb_text_5 et_pb_text et_pb_bg_layout_light et_pb_module et_flex_module\"><div class=\"et_pb_text_inner\"><h3 style=\"text-align: center;\"><strong>JUNIO 2026<\/strong><\/h3>\n<p>6\/7: 2 plazas libres.<\/p>\n<\/div><\/div>\n<\/div>\n\n<div class=\"et_pb_column_6 et_pb_column et_flex_column et_pb_css_mix_blend_mode_passthrough et_flex_column_4_24 et_flex_column_8_24_tablet et_flex_column_12_24_phone\">\n<div class=\"et_pb_text_6 et_pb_text et_pb_bg_layout_light et_pb_module et_flex_module\"><div class=\"et_pb_text_inner\"><h3 style=\"text-align: center;\"><strong>JULIO 2026<\/strong><\/h3>\n<p>4\/5: Plazas libres.<\/p>\n<\/div><\/div>\n<\/div>\n\n<div class=\"et_pb_column_7 et_pb_column et_flex_column et_pb_css_mix_blend_mode_passthrough et_flex_column_4_24 et_flex_column_8_24_tablet et_flex_column_12_24_phone\">\n<div class=\"et_pb_text_7 et_pb_text et_pb_bg_layout_light et_pb_module et_flex_module\"><div class=\"et_pb_text_inner\"><h3 style=\"text-align: center;\"><strong>AGOSTO 2026<\/strong><\/h3>\n<p>1\/2: Plazas libres.<\/p>\n<p>15\/16: Plazas libres.<\/p>\n<\/div><\/div>\n<\/div>\n\n<div class=\"et_pb_column_8 et_pb_column et_flex_column et_pb_css_mix_blend_mode_passthrough et_flex_column_4_24 et_flex_column_8_24_tablet et_flex_column_12_24_phone\">\n<div class=\"et_pb_text_8 et_pb_text et_pb_bg_layout_light et_pb_module et_flex_module\"><div class=\"et_pb_text_inner\"><h3 style=\"text-align: center;\"><strong>SEPT. 2026<\/strong><\/h3>\n<p>5\/6: Plazas libres.<\/p>\n<p>\u00a0<\/p>\n<\/div><\/div>\n<\/div>\n\n<div class=\"et_pb_column_9 et_pb_column et-last-child et_flex_column et_pb_css_mix_blend_mode_passthrough et_flex_column_4_24 et_flex_column_8_24_tablet et_flex_column_12_24_phone\">\n<div class=\"et_pb_text_9 et_pb_text et_pb_bg_layout_light et_pb_module et_flex_module\"><div class=\"et_pb_text_inner\"><h3 style=\"text-align: center;\"><strong>OCUBRE 2026<\/strong><\/h3>\n<p><strong>D\u00edas: Pendiente de aignaci\u00f3n de fecha<\/strong><\/p>\n<\/div><\/div>\n<\/div>\n<\/div>\n<\/div>\n<\/div>\n<\/div>\n\n<div class=\"et_pb_section_4 et_pb_section et_section_regular et_flex_section\">\n<div class=\"et_pb_row_5 et_pb_row et_flex_row\">\n<div class=\"et_pb_column_10 et_pb_column et-last-child et_flex_column et_pb_css_mix_blend_mode_passthrough et_flex_column_24_24 et_flex_column_24_24_tablet et_flex_column_24_24_phone\">\n<div class=\"et_pb_module et_pb_button_module_wrapper et_pb_button_1_wrapper\"><a class=\"et_pb_button_1 et_pb_button et_pb_bg_layout_dark et_pb_module et_flex_module\" href=\"tel:+34633020299\">Reservas Telef\u00f3nicas<\/a><\/div>\n<\/div>\n<\/div>\n<\/div>\n\n<div class=\"et_pb_section_5 et_pb_section et_section_regular et_block_section\">\n<div class=\"et_pb_row_6 et_pb_row et_flex_row\">\n<div class=\"et_pb_column_11 et_pb_column et-last-child et_flex_column et_pb_css_mix_blend_mode_passthrough et_flex_column_24_24 et_flex_column_24_24_tablet et_flex_column_24_24_phone\">\n<div class=\"et_pb_text_10 et_pb_text et_pb_bg_layout_light et_pb_module et_flex_module\"><div class=\"et_pb_text_inner\"><p>Las pr\u00e1cticas de habilitaci\u00f3n a vela son obligatorias para poder gobernar embarcaciones de vela dentro de las atribuciones de tu titulaci\u00f3n n\u00e1utica de recreo.<\/p>\n<p>Estas pr\u00e1cticas solo deben realizarse una \u00fanica vez y son v\u00e1lidas para todas las titulaciones de recreo: PNB, PER, Patr\u00f3n de Yate y Capit\u00e1n de Yate.<\/p>\n<p>En A Toda Vela realizamos las pr\u00e1cticas de habilitaci\u00f3n a vela en C\u00e1diz, en uno de los mejores entornos de Espa\u00f1a para la navegaci\u00f3n a vela.<\/p>\n<\/div><\/div>\n\n<div class=\"et_pb_image_0 et_pb_image et_pb_module et_flex_module\"><span class=\"et_pb_image_wrap\"><img loading=\"lazy\" decoding=\"async\" src=\"https:\/\/atodavela.eu\/wp-content\/uploads\/2025\/09\/barco-vela.jpg\" alt=\"Velero en navegaci\u00f3n a vela durante pr\u00e1cticas de habilitaci\u00f3n a vela en C\u00e1diz\" title=\"Velero A Toda Vela\" width=\"800\" height=\"401\" class=\"wp-image-805\" \/><\/span><\/div>\n\n<div class=\"et_pb_text_11 et_pb_text et_pb_bg_layout_light et_pb_module et_flex_module\"><div class=\"et_pb_text_inner\"><ul>\n<li>Instructores titulados con experiencia en vela.<\/li>\n<li>Velero totalmente equipado para pr\u00e1cticas oficiales.<\/li>\n<li>Navegaci\u00f3n real en la Bah\u00eda de C\u00e1diz.<\/li>\n<li>Puerto base en Puerto Am\u00e9rica, con parking gratuito.<\/li>\n<\/ul>\n<\/div><\/div>\n\n<div class=\"et_pb_text_12 et_pb_text et_pb_bg_layout_light et_pb_module et_flex_module\"><div class=\"et_pb_text_inner\"><h2><strong>\u00bfQu\u00e9 es la habilitaci\u00f3n a vela?<\/strong><\/h2>\n<p>La habilitaci\u00f3n a vela permite navegar legalmente con embarcaciones a vela, siempre que tu titulaci\u00f3n (PER, Patr\u00f3n de Yate o Capit\u00e1n de Yate) lo permita seg\u00fan sus atribuciones.<\/p>\n<p>Estas pr\u00e1cticas son independientes del t\u00edtulo concreto y no es necesario repetirlas al obtener titulaciones superiores.<\/p>\n<\/div><\/div>\n<\/div>\n<\/div>\n\n<div class=\"et_pb_row_7 et_pb_row et_flex_row\">\n<div class=\"et_pb_column_12 et_pb_column et-last-child et_flex_column et_pb_css_mix_blend_mode_passthrough et_flex_column_24_24 et_flex_column_24_24_tablet et_flex_column_24_24_phone\">\n<div class=\"et_pb_text_13 et_pb_text et_pb_bg_layout_light et_pb_module et_block_module\"><div class=\"et_pb_text_inner\"><h2>\u00bfSirven estas pr\u00e1cticas para cualquier titulaci\u00f3n?<\/h2>\n<p>S\u00ed.<br \/>Las pr\u00e1cticas de habilitaci\u00f3n a vela se realizan una sola vez y son v\u00e1lidas para:<\/p>\n<ul>\n<li>PNB<\/li>\n<li>PER<\/li>\n<li>Patr\u00f3n de Yate<\/li>\n<li>Capit\u00e1n de Yate<\/li>\n<\/ul>\n<\/div><\/div>\n\n<div class=\"et_pb_text_14 et_pb_text et_pb_bg_layout_light et_pb_module et_block_module\"><div class=\"et_pb_text_inner\"><h2><strong>\u00bfQu\u00e9 se necesita para realizar las pr\u00e1cticas de habilitaci\u00f3n a vela?<\/strong><\/h2>\n<ul>\n<li><strong>Requisitos:<\/strong><br \/>No se requieren conocimientos previos.<\/li>\n<li><strong>Duraci\u00f3n:<\/strong><br \/>16 horas, normalmente repartidas en dos jornadas.<\/li>\n<li><strong>Examen:<\/strong><br \/>No hay examen.<\/li>\n<\/ul>\n<\/div><\/div>\n\n<div class=\"et_pb_text_15 et_pb_text et_pb_bg_layout_light et_pb_module et_block_module\"><div class=\"et_pb_text_inner\"><h2><strong>\u00bfPor qu\u00e9 elegir A Toda Vela para tus pr\u00e1cticas de vela en C\u00e1diz?<\/strong><\/h2>\n<p>Instructores especializados en navegaci\u00f3n a vela.<\/p>\n<p>La Bah\u00eda de C\u00e1diz ofrece condiciones excepcionales gracias a los vientos t\u00e9rmicos.<\/p>\n<p>Velero perfectamente equipado para la formaci\u00f3n pr\u00e1ctica.<\/p>\n<p>Puerto base en Puerto Am\u00e9rica (C\u00e1diz), con f\u00e1cil acceso y parking gratuito.<\/p>\n<\/div><\/div>\n\n<div class=\"et_pb_text_16 et_pb_text et_pb_bg_layout_light et_pb_module et_block_module\"><div class=\"et_pb_text_inner\"><h2 class=\"elementor-heading-title elementor-size-default\"><strong>Contenido de las pr\u00e1cticas Habilitaci\u00f3n a Vela<\/strong><\/h2>\n<\/div><\/div>\n\n<div class=\"et_pb_accordion_0 et_pb_accordion et_pb_module et_flex_module\">\n<div class=\"et_pb_accordion_item_0 et_pb_accordion_item et_pb_toggle et_pb_module et_pb_toggle_open et_block_module\"><h5 class=\"et_pb_toggle_title\">Navegando con mal tiempo<\/h5><div class=\"et_pb_toggle_content\"><div id=\"elementor-tab-content-9626\" class=\"elementor-tab-content elementor-clearfix elementor-active\" data-tab=\"6\" role=\"region\" aria-labelledby=\"elementor-tab-title-9626\" style=\"display: block;\">\n<p>L\u00edneas de vida, chalecos y equipo de seguridad.<\/p>\n<ul>\n<ul>\n<li>Anclas de capa, velas de capa y torment\u00edn.<\/li>\n<\/ul>\n<\/ul>\n<\/div>\n<\/div><\/div>\n\n<div class=\"et_pb_accordion_item_1 et_pb_accordion_item et_pb_toggle et_pb_module et_pb_toggle_close et_block_module\"><h5 class=\"et_pb_toggle_title\">Maniobra de hombre al agua.<\/h5><div class=\"et_pb_toggle_content\"><div id=\"elementor-tab-content-9625\" class=\"elementor-tab-content elementor-clearfix elementor-active\" data-tab=\"5\" role=\"region\" aria-labelledby=\"elementor-tab-title-9625\" style=\"display: block;\">\n<ul>\n<li style=\"list-style-type: none;\">\n<ul>\n<li>Primeras decisiones.<\/li>\n<\/ul>\n<\/li>\n<\/ul>\n<ul>\n<ul>\n<li>Maniobrando de ce\u00f1ida y con vientos portantes.<\/li>\n<\/ul>\n<\/ul>\n<ul>\n<ul>\n<li>Localizaci\u00f3n y recogida de hombre al agua.<\/li>\n<\/ul>\n<\/ul>\n<\/div>\n<\/div><\/div>\n\n<div class=\"et_pb_accordion_item_2 et_pb_accordion_item et_pb_toggle et_pb_module et_pb_toggle_close et_block_module\"><h5 class=\"et_pb_toggle_title\">Cuando el viento arrecia.<\/h5><div class=\"et_pb_toggle_content\"><div id=\"elementor-tab-content-9624\" class=\"elementor-tab-content elementor-clearfix elementor-active\" data-tab=\"4\" role=\"region\" aria-labelledby=\"elementor-tab-title-9624\" style=\"display: block;\">\n<ul>\n<ul>\n<li>Virar por avante y en redondo.<\/li>\n<\/ul>\n<\/ul>\n<ul>\n<ul>\n<li>Control de escora. Reducci\u00f3n de trapo.<\/li>\n<\/ul>\n<\/ul>\n<ul>\n<ul>\n<li>Carro de escota de la mayor. Catavientos.<\/li>\n<\/ul>\n<\/ul>\n<ul>\n<ul>\n<li>Toma de rizos. Tipos de velas de proa.<\/li>\n<\/ul>\n<\/ul>\n<ul>\n<ul>\n<li>Enrrolladores de velas.<\/li>\n<\/ul>\n<\/ul>\n<\/div>\n<\/div><\/div>\n\n<div class=\"et_pb_accordion_item_3 et_pb_accordion_item et_pb_toggle et_pb_module et_pb_toggle_close et_block_module\"><h5 class=\"et_pb_toggle_title\">Principios b\u00e1sicos.<\/h5><div class=\"et_pb_toggle_content\"><div id=\"elementor-tab-content-9623\" class=\"elementor-tab-content elementor-clearfix elementor-active\" data-tab=\"3\" role=\"region\" aria-labelledby=\"elementor-tab-title-9623\" style=\"display: block;\"><\/p>\n<ul>\n<ul>\n<li>El centro v\u00e9lico.<\/li>\n<\/ul>\n<\/ul>\n<ul>\n<ul>\n<li>La deriva.<\/li>\n<\/ul>\n<\/ul>\n<ul>\n<ul>\n<li>El Abatimiento.<\/li>\n<\/ul>\n<\/ul>\n<ul>\n<ul>\n<li>Orzar.<\/li>\n<\/ul>\n<\/ul>\n<ul>\n<ul>\n<li>Arribar.<\/li>\n<\/ul>\n<\/ul>\n<ul>\n<ul>\n<li>Ganar barlovento por el abatimiento.<\/li>\n<\/ul>\n<\/ul>\n<\/div>\n<\/div><\/div>\n\n<div class=\"et_pb_accordion_item_4 et_pb_accordion_item et_pb_toggle et_pb_module et_pb_toggle_close et_block_module\"><h5 class=\"et_pb_toggle_title\">Propulsi\u00f3n de las velas.<\/h5><div class=\"et_pb_toggle_content\"><div class=\"elementor-accordion-item\"><\/p>\n<div id=\"elementor-tab-content-9622\" class=\"elementor-tab-content elementor-clearfix elementor-active\" data-tab=\"2\" role=\"region\" aria-labelledby=\"elementor-tab-title-9622\" style=\"display: block;\">\n<p>\u00c1ngulos de rendimiento y \u00e1ngulos muertos.<\/p>\n<ul>\n<ul>\n<li>Navegaci\u00f3n de ce\u00f1ida, de trav\u00e9s, a un largo y en popa.<\/li>\n<\/ul>\n<\/ul>\n<ul>\n<ul>\n<li>Detener la arrancada.<\/li>\n<\/ul>\n<\/ul>\n<\/div>\n<\/div>\n<\/div><\/div>\n\n<div class=\"et_pb_accordion_item_5 et_pb_accordion_item et_pb_toggle et_pb_module et_pb_toggle_close et_block_module\"><h5 class=\"et_pb_toggle_title\">Maniobra y aparejo.<\/h5><div class=\"et_pb_toggle_content\"><div id=\"elementor-tab-content-9621\" class=\"elementor-tab-content elementor-clearfix elementor-active\" data-tab=\"1\" role=\"region\" aria-labelledby=\"elementor-tab-title-9621\" style=\"display: block;\">n<\/p>\n<ul>n<\/p>\n<li>El aparejo.<\/li>\n<p>n<\/p>\n<li>Jarcia fija (Palo, crucetas, botavara, obenques, obenquillos, stay, backstay, etc.).<\/li>\n<p>n<\/p>\n<li>Jarcia de labor (Cabos, drizas, escotas) y sus usos.<\/li>\n<p>n<\/p>\n<li>Vela mayor y tipos de foques.<\/li>\n<p>n<\/p>\n<li>Velas con sables, velas enrrollables.<\/li>\n<p>n<\/p>\n<li>Relinga, pu\u00f1os de escota, de driza y de amura.<\/li>\n<p>n<\/p>\n<li>Winches manuales y el\u00e9ctricos. Manejo y precuciones.<\/li>\n<p>n<\/p>\n<li>Maniobra izado de mayor, apro\u00e1ndose al viento.<\/li>\n<p>n<\/ul>\n<p>n<\/p><\/div>\n<\/div><\/div>\n<\/div>\n<\/div>\n<\/div>\n<\/div>\n\n<div class=\"et_pb_section_6 et_pb_section et_section_regular et_flex_section\">\n<div class=\"et_pb_row_8 et_pb_row et_flex_row\">\n<div class=\"et_pb_column_13 et_pb_column et-last-child et_flex_column et_pb_css_mix_blend_mode_passthrough et_flex_column_24_24 et_flex_column_24_24_tablet et_flex_column_24_24_phone\">\n<div class=\"et_pb_text_17 et_pb_text et_pb_bg_layout_light et_pb_module et_block_module\"><div class=\"et_pb_text_inner\"><h2><strong>\u00bfNecesitas realizar las pr\u00e1cticas en otra CCAA?<\/strong><\/h2>\n<p>Ll\u00e1manos y te informaremos de la disponibilidad en otros puntos de Espa\u00f1a o consulta nuestro calendario accesible en esta p\u00e1gina web.<\/p>\n<p>\u00a0<\/p>\n<\/div><\/div>\n\n<div class=\"et_pb_text_18 et_pb_text et_pb_bg_layout_light et_pb_module et_block_module\"><div class=\"et_pb_text_inner\"><h2><strong>\u00bfC\u00f3mo reservar tu plaza para las pr\u00e1cticas de vela?<\/strong><\/h2>\n<p>Reserva tu plaza a trav\u00e9s de nuestro calendario de pr\u00e1cticas online, seleccionando la fecha que mejor se adapte a tu disponibilidad.<\/p>\n<p>Si lo prefieres, tambi\u00e9n puedes llamarnos y te ayudaremos a encontrar la convocatoria m\u00e1s adecuada.<\/p>\n<p>\u00a0<\/p>\n<p><span><\/span><\/p>\n<\/div><\/div>\n<\/div>\n<\/div>\n<\/div>\n\n<div class=\"et_pb_section_7 et_pb_section et_section_regular et_block_section\"><div class=\"et_pb_row_9 et_pb_row et_pb_equal_columns et_pb_gutters1 et_block_row\"><div class=\"et_pb_column_14 et_pb_column et_pb_column_1_2 et_block_column et_pb_css_mix_blend_mode_passthrough\"><div class=\"et_pb_divider_0 et_pb_divider_hidden et_pb_space et_pb_divider_position_top et_pb_module\"><div class=\"et_pb_divider_internal\"><\/div><\/div><\/div><div class=\"et_pb_column_15 et_pb_column et_pb_column_1_2 et-last-child et_block_column et_pb_css_mix_blend_mode_passthrough\"><div class=\"et_pb_text_19 et_pb_text et_pb_bg_layout_light et_pb_module et_block_module preset--module--divi-text--b327cbe4-b1d5-4b66-ad37-40c8f2f061ba\"><div class=\"et_pb_text_inner\"><h2>A TODA VELA,    at sea since 1999<\/h2>\n<\/div><\/div><div class=\"et_pb_module et_pb_button_module_wrapper et_pb_button_2_wrapper preset--module--divi-button--31b4f027-aaa0-4f2f-ae02-959764e19e4f_wrapper\"><a class=\"et_pb_button_2 et_pb_button et_pb_bg_layout_light et_pb_module et_block_module preset--module--divi-button--31b4f027-aaa0-4f2f-ae02-959764e19e4f\" href=\"tel:\/\/+34633020299\">Call us<\/a><\/div><div class=\"et_pb_text_20 et_pb_text et_pb_bg_layout_light et_pb_module et_block_module preset--module--divi-text--aaa7c440-590a-4078-ae0c-0f3c699ac51c\"><div class=\"et_pb_text_inner\"><p>At A Toda Vela, we\u2019ve spent more than 25 years training sailors and sharing our passion for the sea.<\/p>\n<p>We\u2019ll train you with courses and hands-on sessions tailored to every level \u2014 from the PER to Yacht Captain \u2014 including the sailing endorsement, PER extensions, radio operator courses, PNB and the Navigation Licence. \ud83d\udea4\u2728 Take the first step and make the sea your territory!<\/p>\n<\/div><\/div><\/div><\/div><\/div>","protected":false},"excerpt":{"rendered":"","protected":false},"author":1,"featured_media":0,"parent":1867,"menu_order":0,"comment_status":"closed","ping_status":"closed","template":"","meta":{"footnotes":""},"class_list":["post-1894","page","type-page","status-publish","hentry"],"yoast_head":"<!-- This site is optimized with the Yoast SEO plugin v27.5 - https:\/\/yoast.com\/product\/yoast-seo-wordpress\/ -->\n<title>Pr\u00e1cticas Habilitaci\u00f3n a Vela en C\u00e1diz - A Toda Vela<\/title>\n<meta name=\"description\" content=\"Obt\u00e9n la habilitaci\u00f3n a vela en C\u00e1diz con pr\u00e1cticas oficiales desde Puerto Am\u00e9rica. V\u00e1lidas para PNB, PER, Patr\u00f3n y Capit\u00e1n de Yate.\" \/>\n<meta name=\"robots\" content=\"index, follow, max-snippet:-1, max-image-preview:large, max-video-preview:-1\" \/>\n<link rel=\"canonical\" href=\"https:\/\/atodavela.eu\/en\/producto\/practicas-habilitacion-a-vela-en-cadiz\/\" \/>\n<meta property=\"og:locale\" content=\"en_US\" \/>\n<meta property=\"og:type\" content=\"article\" \/>\n<meta property=\"og:title\" content=\"Pr\u00e1cticas Habilitaci\u00f3n a Vela en C\u00e1diz - A Toda Vela\" \/>\n<meta property=\"og:description\" content=\"Obt\u00e9n la habilitaci\u00f3n a vela en C\u00e1diz con pr\u00e1cticas oficiales desde Puerto Am\u00e9rica. V\u00e1lidas para PNB, PER, Patr\u00f3n y Capit\u00e1n de Yate.\" \/>\n<meta property=\"og:url\" content=\"https:\/\/atodavela.eu\/en\/producto\/practicas-habilitacion-a-vela-en-cadiz\/\" \/>\n<meta property=\"og:site_name\" content=\"A Toda Vela\" \/>\n<meta property=\"article:modified_time\" content=\"2026-05-01T11:50:41+00:00\" \/>\n<meta name=\"twitter:card\" content=\"summary_large_image\" \/>\n<script type=\"application\/ld+json\" class=\"yoast-schema-graph\">{\"@context\":\"https:\\\/\\\/schema.org\",\"@graph\":[{\"@type\":\"WebPage\",\"@id\":\"https:\\\/\\\/atodavela.eu\\\/producto\\\/practicas-habilitacion-a-vela-en-cadiz\\\/\",\"url\":\"https:\\\/\\\/atodavela.eu\\\/producto\\\/practicas-habilitacion-a-vela-en-cadiz\\\/\",\"name\":\"Pr\u00e1cticas Habilitaci\u00f3n a Vela en C\u00e1diz - A Toda Vela\",\"isPartOf\":{\"@id\":\"https:\\\/\\\/atodavela.eu\\\/#website\"},\"datePublished\":\"2026-01-09T08:50:48+00:00\",\"dateModified\":\"2026-05-01T11:50:41+00:00\",\"description\":\"Obt\u00e9n la habilitaci\u00f3n a vela en C\u00e1diz con pr\u00e1cticas oficiales desde Puerto Am\u00e9rica. V\u00e1lidas para PNB, PER, Patr\u00f3n y Capit\u00e1n de Yate.\",\"breadcrumb\":{\"@id\":\"https:\\\/\\\/atodavela.eu\\\/producto\\\/practicas-habilitacion-a-vela-en-cadiz\\\/#breadcrumb\"},\"inLanguage\":\"en-US\",\"potentialAction\":[{\"@type\":\"ReadAction\",\"target\":[\"https:\\\/\\\/atodavela.eu\\\/producto\\\/practicas-habilitacion-a-vela-en-cadiz\\\/\"]}]},{\"@type\":\"BreadcrumbList\",\"@id\":\"https:\\\/\\\/atodavela.eu\\\/producto\\\/practicas-habilitacion-a-vela-en-cadiz\\\/#breadcrumb\",\"itemListElement\":[{\"@type\":\"ListItem\",\"position\":1,\"name\":\"Portada\",\"item\":\"https:\\\/\\\/atodavela.eu\\\/\"},{\"@type\":\"ListItem\",\"position\":2,\"name\":\"Productos\",\"item\":\"https:\\\/\\\/atodavela.eu\\\/producto\\\/\"},{\"@type\":\"ListItem\",\"position\":3,\"name\":\"Pr\u00e1cticas Habilitaci\u00f3n a Vela en C\u00e1diz\"}]},{\"@type\":\"WebSite\",\"@id\":\"https:\\\/\\\/atodavela.eu\\\/#website\",\"url\":\"https:\\\/\\\/atodavela.eu\\\/\",\"name\":\"A Toda Vela\",\"description\":\"Escuela N\u00e1utica, alquiler de barcos y experiencias Sea Starlight en C\u00e1diz\",\"publisher\":{\"@id\":\"https:\\\/\\\/atodavela.eu\\\/#organization\"},\"potentialAction\":[{\"@type\":\"SearchAction\",\"target\":{\"@type\":\"EntryPoint\",\"urlTemplate\":\"https:\\\/\\\/atodavela.eu\\\/?s={search_term_string}\"},\"query-input\":{\"@type\":\"PropertyValueSpecification\",\"valueRequired\":true,\"valueName\":\"search_term_string\"}}],\"inLanguage\":\"en-US\"},{\"@type\":\"Organization\",\"@id\":\"https:\\\/\\\/atodavela.eu\\\/#organization\",\"name\":\"A Toda Vela\",\"url\":\"https:\\\/\\\/atodavela.eu\\\/\",\"logo\":{\"@type\":\"ImageObject\",\"inLanguage\":\"en-US\",\"@id\":\"https:\\\/\\\/atodavela.eu\\\/#\\\/schema\\\/logo\\\/image\\\/\",\"url\":\"https:\\\/\\\/atodavela.eu\\\/wp-content\\\/uploads\\\/2025\\\/07\\\/Logo-ATV-R.png\",\"contentUrl\":\"https:\\\/\\\/atodavela.eu\\\/wp-content\\\/uploads\\\/2025\\\/07\\\/Logo-ATV-R.png\",\"width\":220,\"height\":220,\"caption\":\"A Toda Vela\"},\"image\":{\"@id\":\"https:\\\/\\\/atodavela.eu\\\/#\\\/schema\\\/logo\\\/image\\\/\"}}]}<\/script>\n<!-- \/ Yoast SEO plugin. -->","yoast_head_json":{"title":"Pr\u00e1cticas Habilitaci\u00f3n a Vela en C\u00e1diz - A Toda Vela","description":"Obt\u00e9n la habilitaci\u00f3n a vela en C\u00e1diz con pr\u00e1cticas oficiales desde Puerto Am\u00e9rica. V\u00e1lidas para PNB, PER, Patr\u00f3n y Capit\u00e1n de Yate.","robots":{"index":"index","follow":"follow","max-snippet":"max-snippet:-1","max-image-preview":"max-image-preview:large","max-video-preview":"max-video-preview:-1"},"canonical":"https:\/\/atodavela.eu\/en\/producto\/practicas-habilitacion-a-vela-en-cadiz\/","og_locale":"en_US","og_type":"article","og_title":"Pr\u00e1cticas Habilitaci\u00f3n a Vela en C\u00e1diz - A Toda Vela","og_description":"Obt\u00e9n la habilitaci\u00f3n a vela en C\u00e1diz con pr\u00e1cticas oficiales desde Puerto Am\u00e9rica. V\u00e1lidas para PNB, PER, Patr\u00f3n y Capit\u00e1n de Yate.","og_url":"https:\/\/atodavela.eu\/en\/producto\/practicas-habilitacion-a-vela-en-cadiz\/","og_site_name":"A Toda Vela","article_modified_time":"2026-05-01T11:50:41+00:00","twitter_card":"summary_large_image","schema":{"@context":"https:\/\/schema.org","@graph":[{"@type":"WebPage","@id":"https:\/\/atodavela.eu\/producto\/practicas-habilitacion-a-vela-en-cadiz\/","url":"https:\/\/atodavela.eu\/producto\/practicas-habilitacion-a-vela-en-cadiz\/","name":"Pr\u00e1cticas Habilitaci\u00f3n a Vela en C\u00e1diz - A Toda Vela","isPartOf":{"@id":"https:\/\/atodavela.eu\/#website"},"datePublished":"2026-01-09T08:50:48+00:00","dateModified":"2026-05-01T11:50:41+00:00","description":"Obt\u00e9n la habilitaci\u00f3n a vela en C\u00e1diz con pr\u00e1cticas oficiales desde Puerto Am\u00e9rica. V\u00e1lidas para PNB, PER, Patr\u00f3n y Capit\u00e1n de Yate.","breadcrumb":{"@id":"https:\/\/atodavela.eu\/producto\/practicas-habilitacion-a-vela-en-cadiz\/#breadcrumb"},"inLanguage":"en-US","potentialAction":[{"@type":"ReadAction","target":["https:\/\/atodavela.eu\/producto\/practicas-habilitacion-a-vela-en-cadiz\/"]}]},{"@type":"BreadcrumbList","@id":"https:\/\/atodavela.eu\/producto\/practicas-habilitacion-a-vela-en-cadiz\/#breadcrumb","itemListElement":[{"@type":"ListItem","position":1,"name":"Portada","item":"https:\/\/atodavela.eu\/"},{"@type":"ListItem","position":2,"name":"Productos","item":"https:\/\/atodavela.eu\/producto\/"},{"@type":"ListItem","position":3,"name":"Pr\u00e1cticas Habilitaci\u00f3n a Vela en C\u00e1diz"}]},{"@type":"WebSite","@id":"https:\/\/atodavela.eu\/#website","url":"https:\/\/atodavela.eu\/","name":"A Toda Vela","description":"Escuela N\u00e1utica, alquiler de barcos y experiencias Sea Starlight en C\u00e1diz","publisher":{"@id":"https:\/\/atodavela.eu\/#organization"},"potentialAction":[{"@type":"SearchAction","target":{"@type":"EntryPoint","urlTemplate":"https:\/\/atodavela.eu\/?s={search_term_string}"},"query-input":{"@type":"PropertyValueSpecification","valueRequired":true,"valueName":"search_term_string"}}],"inLanguage":"en-US"},{"@type":"Organization","@id":"https:\/\/atodavela.eu\/#organization","name":"A Toda Vela","url":"https:\/\/atodavela.eu\/","logo":{"@type":"ImageObject","inLanguage":"en-US","@id":"https:\/\/atodavela.eu\/#\/schema\/logo\/image\/","url":"https:\/\/atodavela.eu\/wp-content\/uploads\/2025\/07\/Logo-ATV-R.png","contentUrl":"https:\/\/atodavela.eu\/wp-content\/uploads\/2025\/07\/Logo-ATV-R.png","width":220,"height":220,"caption":"A Toda Vela"},"image":{"@id":"https:\/\/atodavela.eu\/#\/schema\/logo\/image\/"}}]}},"_links":{"self":[{"href":"https:\/\/atodavela.eu\/en\/wp-json\/wp\/v2\/pages\/1894","targetHints":{"allow":["GET"]}}],"collection":[{"href":"https:\/\/atodavela.eu\/en\/wp-json\/wp\/v2\/pages"}],"about":[{"href":"https:\/\/atodavela.eu\/en\/wp-json\/wp\/v2\/types\/page"}],"author":[{"embeddable":true,"href":"https:\/\/atodavela.eu\/en\/wp-json\/wp\/v2\/users\/1"}],"replies":[{"embeddable":true,"href":"https:\/\/atodavela.eu\/en\/wp-json\/wp\/v2\/comments?post=1894"}],"version-history":[{"count":15,"href":"https:\/\/atodavela.eu\/en\/wp-json\/wp\/v2\/pages\/1894\/revisions"}],"predecessor-version":[{"id":3560,"href":"https:\/\/atodavela.eu\/en\/wp-json\/wp\/v2\/pages\/1894\/revisions\/3560"}],"up":[{"embeddable":true,"href":"https:\/\/atodavela.eu\/en\/wp-json\/wp\/v2\/pages\/1867"}],"wp:attachment":[{"href":"https:\/\/atodavela.eu\/en\/wp-json\/wp\/v2\/media?parent=1894"}],"curies":[{"name":"wp","href":"https:\/\/api.w.org\/{rel}","templated":true}]}}