{"id":310,"date":"2025-07-09T11:35:36","date_gmt":"2025-07-09T11:35:36","guid":{"rendered":"https:\/\/atodavela.eu\/?page_id=310"},"modified":"2025-09-18T08:39:47","modified_gmt":"2025-09-18T08:39:47","slug":"travesias","status":"publish","type":"page","link":"https:\/\/atodavela.eu\/en\/experiencias\/travesias\/","title":{"rendered":"TRAVES\u00cdA VIGO-C\u00c1DIZ-VIGO"},"content":{"rendered":"<div class=\"et_pb_section_0 et_pb_section et_section_regular et_block_section\">\n<div class=\"et_pb_row_0 et_pb_row et_block_row\">\n<div class=\"et_pb_column_0 et_pb_column et_pb_column_4_4 et-last-child et_block_column et_pb_css_mix_blend_mode_passthrough\">\n<div class=\"et_pb_text_0 et_pb_text et_pb_bg_layout_light et_pb_module et_flex_module preset--module--divi-text--e6504a1b-67eb-4b3d-b023-bcab277610b6\"><div class=\"et_pb_text_inner\"><h3>A Toda Vela<\/h3>\n<\/div><\/div>\n\n<div class=\"et_pb_text_1 et_pb_text et_pb_bg_layout_dark et_pb_module et_flex_module preset--module--divi-text--c16985e1-e0d6-4022-964d-e2bfc04fa633\"><div class=\"et_pb_text_inner\"><h1>La emoci\u00f3n de la Travesia<\/h1>\n<\/div><\/div>\n<\/div>\n<\/div>\n<\/div>\n\n<div class=\"et_pb_section_1 et_pb_section et_section_regular et_block_section\">\n<div class=\"et_pb_row_1 et_pb_row et_pb_equal_columns et_pb_gutters2 et_block_row\">\n<div class=\"et_pb_column_1 et_pb_column et_pb_column_2_3 et_block_column et_pb_css_mix_blend_mode_passthrough\">\n<div class=\"et_pb_text_2 et_pb_text et_pb_bg_layout_light et_pb_module et_flex_module preset--module--divi-text--b327cbe4-b1d5-4b66-ad37-40c8f2f061ba\"><div class=\"et_pb_text_inner\"><h2 class=\"elementor-heading-title elementor-size-default\">Si te gusta la aventura y te gusta navegar, este es tu lugar<\/h2>\n<\/div><\/div>\n\n<div class=\"et_pb_text_3 et_pb_text et_pb_bg_layout_light et_pb_module et_flex_module preset--module--divi-text--1f09816e-184e-4ce5-a4cf-b39c52c423ca\"><div class=\"et_pb_text_inner\"><h3><strong>Emb\u00e1rcate en una traves\u00eda atl\u00e1ntica!<\/strong><\/h3>\n<p>Siente la llamada del mar y \u00fanete a una aventura que despertar\u00e1 tu esp\u00edritu explorador. Levamos anclas hacia aguas cristalinas, donde cada ola esconde un nuevo secreto y cada brisa susurra historias de navegantes audaces.Desde espectaculares amaneceres en el horizonte hasta noches estrelladas que te dejar\u00e1n sin aliento, esta no es solo una traves\u00eda\u2026 es el inicio de una historia que recordar\u00e1s siempre.<\/p>\n<p>Tanto si eres un lobo de mar como si es tu primera vez a bordo, nuestra tripulaci\u00f3n te guiar\u00e1 en cada maniobra, ense\u00f1\u00e1ndote los secretos de la navegaci\u00f3n mientras forjas nuevas amistades y creas recuerdos imborrables.<\/p>\n<p><strong>El mar espera por ti. La aventura comienza ahora. \u00bfTe atreves a zarpar?<\/strong><\/p>\n<\/div><\/div>\n\n<div class=\"et_pb_image_0 et_pb_image et_pb_module et_flex_module\"><span class=\"et_pb_image_wrap\"><img loading=\"lazy\" decoding=\"async\" src=\"https:\/\/atodavela.eu\/wp-content\/uploads\/2025\/07\/Travesia-Vigo-Cadiz_24-scaled-1.jpg\" width=\"2560\" height=\"1424\" class=\"wp-image-314\" \/><\/span><\/div>\n\n<div class=\"et_pb_module et_pb_button_module_wrapper et_pb_button_0_wrapper preset--module--divi-button--db46e67d-9505-40bb-9ebd-8901bc8b3a95_wrapper\"><a class=\"et_pb_button_0 et_pb_button et_pb_bg_layout_light et_pb_module et_flex_module preset--module--divi-button--db46e67d-9505-40bb-9ebd-8901bc8b3a95\" href=\"#precios\">See the prices<\/a><\/div>\n<\/div>\n\n<div class=\"et_pb_column_2 et_pb_column et_pb_column_1_3 et-last-child et_block_column et_pb_css_mix_blend_mode_passthrough\">\n<div class=\"et_pb_divider_0 et_pb_divider_hidden et_pb_space et_pb_divider_position_top et_pb_module\"><div class=\"et_pb_divider_internal\"><\/div><\/div>\n<\/div>\n<\/div>\n<\/div>\n\n<div class=\"et_pb_section_2 et_pb_section et_section_regular et_flex_section\">\n<div class=\"et_pb_row_2 et_pb_row et_flex_row\">\n<div class=\"et_pb_column_3 et_pb_column et-last-child et_flex_column et_pb_css_mix_blend_mode_passthrough et_flex_column_24_24 et_flex_column_24_24_tablet et_flex_column_24_24_phone\">\n<div class=\"et_pb_text_4 et_pb_text et_pb_bg_layout_light et_pb_module et_flex_module\"><div class=\"et_pb_text_inner\"><h2 style=\"text-align: center;\"><strong><span>TRAVES\u00cdA EN CATAMAR\u00c1N<\/span><\/strong><br \/><strong><span>\u00a1Una traves\u00eda atl\u00e1ntica fascinante!<\/span><\/strong><\/h2>\n<\/div><\/div>\n<\/div>\n<\/div>\n<\/div>\n\n<div class=\"et_pb_section_3 et_pb_section et_section_regular et_flex_section\">\n<div class=\"et_pb_row_3 et_pb_row et_flex_row\">\n<div class=\"et_pb_column_4 et_pb_column et-last-child et_flex_column et_pb_css_mix_blend_mode_passthrough et_flex_column_24_24 et_flex_column_24_24_tablet et_flex_column_24_24_phone\">\n<div class=\"et_pb_text_5 et_pb_text et_pb_bg_layout_light et_pb_module et_flex_module\"><div class=\"et_pb_text_inner\"><h3 class=\"elementor-widget-container\"><strong data-start=\"3\" data-end=\"45\">\u00a1Zarpa hacia una aventura inolvidable!<\/strong><\/h3>\n<p><strong data-start=\"3\" data-end=\"45\"><\/strong><\/p>\n<p data-start=\"52\" data-end=\"326\">Sum\u00e9rgete en una<span>\u00a0<\/span><strong data-start=\"69\" data-end=\"87\">traves\u00eda \u00fanica<\/strong><span>\u00a0<\/span>que conecta l<span>a\u00a0<strong data-start=\"103\" data-end=\"122\">m\u00edstica Galicia<\/strong>\u00a0con la\u00a0<\/span><strong data-start=\"130\" data-end=\"151\"><span>cauti<\/span>vadora C\u00e1diz<\/strong>, a bordo del<span>\u00a0<\/span><strong data-start=\"165\" data-end=\"174\">Ori\u00f3n<\/strong>, un espectacular catamar\u00e1n<span>\u00a0<\/span><strong data-start=\"202\" data-end=\"219\">Lagoon 410-S2<\/strong><span>\u00a0<\/span>dise\u00f1ado para ofrecerte<span>\u00a0<\/span><strong data-start=\"244\" data-end=\"262\">m\u00e1ximo confort<\/strong><span>\u00a0<\/span>mientras perfeccionas tus habilidades en las artes marineras.<\/p>\n<p data-start=\"328\" data-end=\"498\">\u00a0<strong data-start=\"330\" data-end=\"400\">Navegaremos a lo largo del Atl\u00e1ntico portugu\u00e9s y el Golfo de C\u00e1diz<\/strong>, descubriendo la majestuosidad del oc\u00e9ano bajo el mando experto de<span>\u00a0<\/span><strong data-start=\"468\" data-end=\"495\">Adri\u00e1n, nuestro capit\u00e1n<\/strong>.<\/p>\n<p data-start=\"500\" data-end=\"723\"><strong data-start=\"502\" data-end=\"530\">Bajo el cielo estrellado<\/strong>, el programa<span>\u00a0<\/span><strong data-start=\"544\" data-end=\"561\">Sea Starlight<\/strong><span>\u00a0<\/span>te guiar\u00e1 en un fascinante viaje a trav\u00e9s de la b\u00f3veda celeste, donde aprender\u00e1s a reconocer las constelaciones que han guiado a los navegantes durante siglos.<\/p>\n<p data-start=\"725\" data-end=\"857\"><strong data-start=\"728\" data-end=\"855\">Vive la emoci\u00f3n de la navegaci\u00f3n, siente la libertad del mar y emb\u00e1rcate en una traves\u00eda que quedar\u00e1 grabada en tu memoria!<\/strong><\/p>\n<p data-start=\"859\" data-end=\"918\" data-is-last-node=\"\" data-is-only-node=\"\"><strong data-start=\"862\" data-end=\"913\">\u00a1Reserva tu plaza y \u00fanete a esta gran aventura!<\/strong><\/p>\n<\/div><\/div>\n<\/div>\n<\/div>\n<\/div>\n\n<div class=\"et_pb_section_4 et_pb_section et_section_regular et_block_section et_animated\" id=\"precios\">\n<div class=\"et_pb_row_4 et_pb_row et_flex_row\">\n<div class=\"et_pb_column_5 et_pb_column et_flex_column et_pb_css_mix_blend_mode_passthrough et_flex_column_24_24 et_flex_column_24_24_tablet et_flex_column_24_24_phone\">\n<div class=\"et_pb_text_6 et_pb_text et_pb_bg_layout_dark et_pb_module et_flex_module\"><div class=\"et_pb_text_inner\"><h3><strong>TRAVES\u00cdA 1<\/strong><\/h3>\n<h4><strong>Fechas:<\/strong><\/h4>\n<h4><strong>Mayo 2026 (Por determinar)<\/strong><\/h4>\n<p><span>\u00a0<\/span><\/p>\n<p><span>CN de Vigo-Puerto Am\u00e9rica (C\u00e1diz)<\/span><br \/><span>Precio por 1 etapa: 650\u20ac (IVA no incluido).<\/span><br \/><span>Precio por 2 etapas: 1.200\u20ac (IVA no incluido).<\/span><br \/><span>Los gastos de comida y combustible se sufragar\u00e1n entre toda la tripulaci\u00f3n.<\/span><\/p>\n<\/div><\/div>\n<\/div>\n\n<div class=\"et_pb_column_6 et_pb_column et-last-child et_flex_column et_pb_css_mix_blend_mode_passthrough et_flex_column_24_24 et_flex_column_24_24_tablet et_flex_column_24_24_phone\">\n<div class=\"et_pb_text_7 et_pb_text et_pb_bg_layout_dark et_pb_module et_flex_module\"><div class=\"et_pb_text_inner\"><h3><strong>TRAVES\u00cdA 2<\/strong><\/h3>\n<h4><strong>Fechas:<\/strong><br \/><strong>Mayo 2026 (Por determinar)<\/strong><\/h4>\n<p><span>\u00a0<\/span><\/p>\n<p><span>Puerto Am\u00e9rica (C\u00e1diz)-CN de Vigo<\/span><br \/><span>Precio por 1 etapa: 650\u20ac (IVA no incluido).<\/span><br \/><span>Precio por 2 etapas: 1.200\u20ac (IVA no incluido).<\/span><br \/><span>Los gastos de comida y combustible se sufragar\u00e1n entre toda la tripulaci\u00f3n.<\/span><\/p>\n<\/div><\/div>\n<\/div>\n<\/div>\n<\/div>\n\n<div class=\"et_pb_section_5 et_pb_section et_section_regular et_flex_section\">\n<div class=\"et_pb_row_5 et_pb_row et_flex_row\">\n<div class=\"et_pb_column_7 et_pb_column et-last-child et_flex_column et_pb_css_mix_blend_mode_passthrough et_flex_column_24_24 et_flex_column_24_24_tablet et_flex_column_24_24_phone\">\n<div class=\"et_pb_text_8 et_pb_text et_pb_bg_layout_light et_pb_module et_flex_module\"><div class=\"et_pb_text_inner\"><p data-start=\"52\" data-end=\"326\">Sum\u00e9rgete en una<span>\u00a0<\/span><strong data-start=\"69\" data-end=\"87\">traves\u00eda \u00fanica<\/strong><span>\u00a0<\/span>que conecta la<span>\u00a0<\/span><strong data-start=\"103\" data-end=\"122\">m\u00edstica Galicia<\/strong><span>\u00a0<\/span>con la<span>\u00a0<\/span><strong data-start=\"130\" data-end=\"151\">cautivadora C\u00e1diz<\/strong>, a bordo del<span>\u00a0<\/span><strong data-start=\"165\" data-end=\"174\">Ori\u00f3n<\/strong>, un espectacular catamar\u00e1n<span>\u00a0<\/span><strong data-start=\"202\" data-end=\"219\">Lagoon 410-S2<\/strong><span>\u00a0<\/span>dise\u00f1ado para ofrecerte<span>\u00a0<\/span><strong data-start=\"244\" data-end=\"262\">m\u00e1ximo confort<\/strong><span>\u00a0<\/span>mientras perfeccionas tus habilidades en las artes marineras.<\/p>\n<p data-start=\"328\" data-end=\"498\">\u00a0<strong data-start=\"330\" data-end=\"400\">Navegaremos a lo largo del Atl\u00e1ntico portugu\u00e9s y el Golfo de C\u00e1diz<\/strong>, descubriendo la majestuosidad del oc\u00e9ano bajo el mando experto de<span>\u00a0<\/span><strong data-start=\"468\" data-end=\"495\">Adri\u00e1n, nuestro capit\u00e1n<\/strong>.<\/p>\n<p data-start=\"500\" data-end=\"723\">\u00a0<strong data-start=\"502\" data-end=\"530\">Bajo el cielo estrellado<\/strong>, el programa<span>\u00a0<\/span><strong data-start=\"544\" data-end=\"561\">Sea Starlight<\/strong><span>\u00a0<\/span>te guiar\u00e1 en un fascinante viaje a trav\u00e9s de la b\u00f3veda celeste, donde aprender\u00e1s a reconocer las constelaciones que han guiado a los navegantes durante siglos.<\/p>\n<p data-start=\"725\" data-end=\"857\"><strong data-start=\"728\" data-end=\"855\">Vive la emoci\u00f3n de la navegaci\u00f3n, siente la libertad del mar y emb\u00e1rcate en una traves\u00eda que quedar\u00e1 grabada en tu memoria!<\/strong><\/p>\n<h5 data-start=\"859\" data-end=\"918\"><strong data-start=\"862\" data-end=\"913\">\u00a1Reserva tu plaza y \u00fanete a esta gran aventura!<\/strong><\/h5>\n<\/div><\/div>\n<\/div>\n<\/div>\n\n<div class=\"et_pb_row_6 et_pb_row et_flex_row\">\n<div class=\"et_pb_column_8 et_pb_column et-last-child et_flex_column et_pb_css_mix_blend_mode_passthrough et_flex_column_24_24 et_flex_column_24_24_tablet et_flex_column_24_24_phone\">\n<div class=\"et_pb_gallery_0 et_pb_gallery et_pb_bg_layout_light et_pb_gallery_grid et_pb_module\" data-auto-rotate=\"off\" data-auto-rotate-speed=\"\"><div class=\"et_pb_gallery_items et_post_gallery clearfix et_flex_module\" data-per_page=\"10\"><div class=\"et_pb_gallery_item et_pb_grid_item et_pb_gallery_item_0_0\"><div class=\"et_pb_gallery_image portrait\" data-per_page=\"10\"><a href=\"https:\/\/atodavela.eu\/wp-content\/uploads\/2025\/07\/catamaran-sea-starlight-2.jpg\" title=\"catamaran sea starlight 2\"><img loading=\"lazy\" decoding=\"async\" width=\"400\" height=\"516\" src=\"https:\/\/atodavela.eu\/wp-content\/uploads\/2025\/07\/catamaran-sea-starlight-2-400x516.jpg\" alt=\"\" class=\"wp-image-344\" \/><span class=\"et_overlay\" data-icon=\"\" data-icon-tablet=\"\" data-icon-phone=\"\"><\/span><\/a><\/div><\/div><div class=\"et_pb_gallery_item et_pb_grid_item et_pb_gallery_item_0_1\"><div class=\"et_pb_gallery_image portrait\" data-per_page=\"10\"><a href=\"https:\/\/atodavela.eu\/wp-content\/uploads\/2025\/07\/vela-mayor-catamaran-.jpg\" title=\"vela mayor catamaran\"><img loading=\"lazy\" decoding=\"async\" width=\"400\" height=\"516\" src=\"https:\/\/atodavela.eu\/wp-content\/uploads\/2025\/07\/vela-mayor-catamaran--400x516.jpg\" alt=\"\" class=\"wp-image-343\" \/><span class=\"et_overlay\" data-icon=\"\" data-icon-tablet=\"\" data-icon-phone=\"\"><\/span><\/a><\/div><\/div><div class=\"et_pb_gallery_item et_pb_grid_item et_pb_gallery_item_0_2\"><div class=\"et_pb_gallery_image portrait\" data-per_page=\"10\"><a href=\"https:\/\/atodavela.eu\/wp-content\/uploads\/2025\/07\/bitacora-catamaran.jpg\" title=\"bitacora catamaran\"><img loading=\"lazy\" decoding=\"async\" width=\"400\" height=\"516\" src=\"https:\/\/atodavela.eu\/wp-content\/uploads\/2025\/07\/bitacora-catamaran-400x516.jpg\" alt=\"\" class=\"wp-image-342\" \/><span class=\"et_overlay\" data-icon=\"\" data-icon-tablet=\"\" data-icon-phone=\"\"><\/span><\/a><\/div><\/div><div class=\"et_pb_gallery_item et_pb_grid_item et_pb_gallery_item_0_3\"><div class=\"et_pb_gallery_image portrait\" data-per_page=\"10\"><a href=\"https:\/\/atodavela.eu\/wp-content\/uploads\/2025\/07\/velas-catamaran.jpg\" title=\"velas catamaran\"><img loading=\"lazy\" decoding=\"async\" width=\"400\" height=\"516\" src=\"https:\/\/atodavela.eu\/wp-content\/uploads\/2025\/07\/velas-catamaran-400x516.jpg\" alt=\"\" class=\"wp-image-341\" \/><span class=\"et_overlay\" data-icon=\"\" data-icon-tablet=\"\" data-icon-phone=\"\"><\/span><\/a><\/div><\/div><div class=\"et_pb_gallery_item et_pb_grid_item et_pb_gallery_item_0_4\"><div class=\"et_pb_gallery_image portrait\" data-per_page=\"10\"><a href=\"https:\/\/atodavela.eu\/wp-content\/uploads\/2025\/07\/foque-catamaran.jpg\" title=\"foque catamaran\"><img loading=\"lazy\" decoding=\"async\" width=\"400\" height=\"516\" src=\"https:\/\/atodavela.eu\/wp-content\/uploads\/2025\/07\/foque-catamaran-400x516.jpg\" alt=\"\" class=\"wp-image-340\" \/><span class=\"et_overlay\" data-icon=\"\" data-icon-tablet=\"\" data-icon-phone=\"\"><\/span><\/a><\/div><\/div><div class=\"et_pb_gallery_item et_pb_grid_item et_pb_gallery_item_0_5\"><div class=\"et_pb_gallery_image portrait\" data-per_page=\"10\"><a href=\"https:\/\/atodavela.eu\/wp-content\/uploads\/2025\/07\/cicina-catamaran.jpg\" title=\"cicina catamaran\"><img loading=\"lazy\" decoding=\"async\" width=\"400\" height=\"516\" src=\"https:\/\/atodavela.eu\/wp-content\/uploads\/2025\/07\/cicina-catamaran-400x516.jpg\" alt=\"\" class=\"wp-image-339\" \/><span class=\"et_overlay\" data-icon=\"\" data-icon-tablet=\"\" data-icon-phone=\"\"><\/span><\/a><\/div><\/div><div class=\"et_pb_gallery_item et_pb_grid_item et_pb_gallery_item_0_6\"><div class=\"et_pb_gallery_image portrait\" data-per_page=\"10\"><a href=\"https:\/\/atodavela.eu\/wp-content\/uploads\/2025\/07\/catamaran-atardecer.jpg\" title=\"catamaran atardecer\"><img loading=\"lazy\" decoding=\"async\" width=\"400\" height=\"516\" src=\"https:\/\/atodavela.eu\/wp-content\/uploads\/2025\/07\/catamaran-atardecer-400x516.jpg\" alt=\"\" class=\"wp-image-337\" \/><span class=\"et_overlay\" data-icon=\"\" data-icon-tablet=\"\" data-icon-phone=\"\"><\/span><\/a><\/div><\/div><\/div><\/div>\n\n<div class=\"et_pb_module et_pb_button_module_wrapper et_pb_button_1_wrapper\"><a class=\"et_pb_button_1 et_pb_button et_pb_bg_layout_dark et_pb_module et_flex_module\" href=\"tel:+34633020299\" target=\"_blank\">Call us<\/a><\/div>\n<\/div>\n<\/div>\n<\/div>\n\n<div class=\"et_pb_section_6 et_pb_section et_section_regular et_flex_section\">\n<div class=\"et_pb_row_7 et_pb_row et_flex_row\">\n<div class=\"et_pb_column_9 et_pb_column et-last-child et_flex_column et_pb_css_mix_blend_mode_passthrough et_flex_column_24_24 et_flex_column_24_24_tablet et_flex_column_24_24_phone\">\n<div class=\"et_pb_text_9 et_pb_text et_pb_bg_layout_light et_pb_module et_flex_module\"><div class=\"et_pb_text_inner\"><h4 style=\"text-align: center;\">Sailing is a special experience, and at A Toda Vela we make it comfortable.<\/h4>\n<\/div><\/div>\n<\/div>\n<\/div>\n<\/div>\n\n<div class=\"et_pb_section_7 et_pb_section et_section_regular et_flex_section\">\n<div class=\"et_pb_row_8 et_pb_row et_flex_row\">\n<div class=\"et_pb_column_10 et_pb_column et_flex_column et_pb_column_empty et_pb_css_mix_blend_mode_passthrough et_flex_column_24_24 et_flex_column_24_24_tablet et_flex_column_24_24_phone\"><\/div>\n\n<div class=\"et_pb_column_11 et_pb_column et-last-child et_flex_column et_pb_css_mix_blend_mode_passthrough et_flex_column_24_24 et_flex_column_24_24_tablet et_flex_column_24_24_phone\">\n<div class=\"et_pb_text_10 et_pb_text et_pb_bg_layout_light et_pb_module et_flex_module\"><div class=\"et_pb_text_inner\"><h4>A TODA VELA,    at sea since 1999<\/h4>\n<\/div><\/div>\n\n<div class=\"et_pb_module et_pb_button_module_wrapper et_pb_button_2_wrapper\"><a class=\"et_pb_button_2 et_pb_button et_pb_bg_layout_dark et_pb_module et_flex_module\" href=\"tel:+34633020299\" target=\"_blank\">Call us<\/a><\/div>\n\n<div class=\"et_pb_text_11 et_pb_text et_pb_bg_layout_light et_pb_module et_flex_module\"><div class=\"et_pb_text_inner\"><p>At A Toda Vela, we\u2019ve spent more than 25 years training sailors and sharing our passion for the sea.<\/p>\n<p>We\u2019ll train you with courses and hands-on sessions tailored to every level \u2014 from the PER to Yacht Captain \u2014 including the sailing endorsement, PER extensions, radio operator courses, PNB and the Navigation Licence. \ud83d\udea4\u2728 Take the first step and make the sea your territory!<\/p>\n<\/div><\/div>\n\n<div class=\"et_pb_divider_1 et_pb_divider et_pb_space et_pb_divider_position_top et_pb_module\"><div class=\"et_pb_divider_internal\"><\/div><\/div>\n<\/div>\n<\/div>\n<\/div>","protected":false},"excerpt":{"rendered":"","protected":false},"author":1,"featured_media":345,"parent":218,"menu_order":0,"comment_status":"closed","ping_status":"closed","template":"","meta":{"footnotes":""},"class_list":["post-310","page","type-page","status-publish","has-post-thumbnail","hentry"],"yoast_head":"<!-- This site is optimized with the Yoast SEO plugin v27.5 - https:\/\/yoast.com\/product\/yoast-seo-wordpress\/ -->\n<title>TRAVES\u00cdA VIGO-C\u00c1DIZ-VIGO - A Toda Vela<\/title>\n<meta name=\"description\" content=\"Disfruta de una traves\u00eda de altura entre C\u00e1diz y Vigo a bordo de un c\u00f3modo catamar\u00e1n de 40 pies.\" \/>\n<meta name=\"robots\" content=\"index, follow, max-snippet:-1, max-image-preview:large, max-video-preview:-1\" \/>\n<link rel=\"canonical\" href=\"https:\/\/atodavela.eu\/en\/experiencias\/travesias\/\" \/>\n<meta property=\"og:locale\" content=\"en_US\" \/>\n<meta property=\"og:type\" content=\"article\" \/>\n<meta property=\"og:title\" content=\"TRAVES\u00cdA VIGO-C\u00c1DIZ-VIGO - A Toda Vela\" \/>\n<meta property=\"og:description\" content=\"Disfruta de una traves\u00eda de altura entre C\u00e1diz y Vigo a bordo de un c\u00f3modo catamar\u00e1n de 40 pies.\" \/>\n<meta property=\"og:url\" content=\"https:\/\/atodavela.eu\/en\/experiencias\/travesias\/\" \/>\n<meta property=\"og:site_name\" content=\"A Toda Vela\" \/>\n<meta property=\"article:modified_time\" content=\"2025-09-18T08:39:47+00:00\" \/>\n<meta property=\"og:image\" content=\"https:\/\/atodavela.eu\/wp-content\/uploads\/2025\/07\/catamaran-travesia-vigo.jpg\" \/>\n\t<meta property=\"og:image:width\" content=\"768\" \/>\n\t<meta property=\"og:image:height\" content=\"1024\" \/>\n\t<meta property=\"og:image:type\" content=\"image\/jpeg\" \/>\n<meta name=\"twitter:card\" content=\"summary_large_image\" \/>\n<meta name=\"twitter:label1\" content=\"Est. reading time\" \/>\n\t<meta name=\"twitter:data1\" content=\"1 minute\" \/>\n<script type=\"application\/ld+json\" class=\"yoast-schema-graph\">{\"@context\":\"https:\\\/\\\/schema.org\",\"@graph\":[{\"@type\":\"WebPage\",\"@id\":\"https:\\\/\\\/atodavela.eu\\\/experiencias\\\/travesias\\\/\",\"url\":\"https:\\\/\\\/atodavela.eu\\\/experiencias\\\/travesias\\\/\",\"name\":\"TRAVES\u00cdA VIGO-C\u00c1DIZ-VIGO - A Toda Vela\",\"isPartOf\":{\"@id\":\"https:\\\/\\\/atodavela.eu\\\/#website\"},\"primaryImageOfPage\":{\"@id\":\"https:\\\/\\\/atodavela.eu\\\/experiencias\\\/travesias\\\/#primaryimage\"},\"image\":{\"@id\":\"https:\\\/\\\/atodavela.eu\\\/experiencias\\\/travesias\\\/#primaryimage\"},\"thumbnailUrl\":\"https:\\\/\\\/atodavela.eu\\\/wp-content\\\/uploads\\\/2025\\\/07\\\/catamaran-travesia-vigo.jpg\",\"datePublished\":\"2025-07-09T11:35:36+00:00\",\"dateModified\":\"2025-09-18T08:39:47+00:00\",\"description\":\"Disfruta de una traves\u00eda de altura entre C\u00e1diz y Vigo a bordo de un c\u00f3modo catamar\u00e1n de 40 pies.\",\"breadcrumb\":{\"@id\":\"https:\\\/\\\/atodavela.eu\\\/experiencias\\\/travesias\\\/#breadcrumb\"},\"inLanguage\":\"en-US\",\"potentialAction\":[{\"@type\":\"ReadAction\",\"target\":[\"https:\\\/\\\/atodavela.eu\\\/experiencias\\\/travesias\\\/\"]}]},{\"@type\":\"ImageObject\",\"inLanguage\":\"en-US\",\"@id\":\"https:\\\/\\\/atodavela.eu\\\/experiencias\\\/travesias\\\/#primaryimage\",\"url\":\"https:\\\/\\\/atodavela.eu\\\/wp-content\\\/uploads\\\/2025\\\/07\\\/catamaran-travesia-vigo.jpg\",\"contentUrl\":\"https:\\\/\\\/atodavela.eu\\\/wp-content\\\/uploads\\\/2025\\\/07\\\/catamaran-travesia-vigo.jpg\",\"width\":768,\"height\":1024},{\"@type\":\"BreadcrumbList\",\"@id\":\"https:\\\/\\\/atodavela.eu\\\/experiencias\\\/travesias\\\/#breadcrumb\",\"itemListElement\":[{\"@type\":\"ListItem\",\"position\":1,\"name\":\"Portada\",\"item\":\"https:\\\/\\\/atodavela.eu\\\/\"},{\"@type\":\"ListItem\",\"position\":2,\"name\":\"Experiencias\",\"item\":\"https:\\\/\\\/atodavela.eu\\\/experiencias\\\/\"},{\"@type\":\"ListItem\",\"position\":3,\"name\":\"TRAVES\u00cdA VIGO-C\u00c1DIZ-VIGO\"}]},{\"@type\":\"WebSite\",\"@id\":\"https:\\\/\\\/atodavela.eu\\\/#website\",\"url\":\"https:\\\/\\\/atodavela.eu\\\/\",\"name\":\"A Toda Vela\",\"description\":\"Escuela N\u00e1utica, alquiler de barcos y experiencias Sea Starlight en C\u00e1diz\",\"publisher\":{\"@id\":\"https:\\\/\\\/atodavela.eu\\\/#organization\"},\"potentialAction\":[{\"@type\":\"SearchAction\",\"target\":{\"@type\":\"EntryPoint\",\"urlTemplate\":\"https:\\\/\\\/atodavela.eu\\\/?s={search_term_string}\"},\"query-input\":{\"@type\":\"PropertyValueSpecification\",\"valueRequired\":true,\"valueName\":\"search_term_string\"}}],\"inLanguage\":\"en-US\"},{\"@type\":\"Organization\",\"@id\":\"https:\\\/\\\/atodavela.eu\\\/#organization\",\"name\":\"A Toda Vela\",\"url\":\"https:\\\/\\\/atodavela.eu\\\/\",\"logo\":{\"@type\":\"ImageObject\",\"inLanguage\":\"en-US\",\"@id\":\"https:\\\/\\\/atodavela.eu\\\/#\\\/schema\\\/logo\\\/image\\\/\",\"url\":\"https:\\\/\\\/atodavela.eu\\\/wp-content\\\/uploads\\\/2025\\\/07\\\/Logo-ATV-R.png\",\"contentUrl\":\"https:\\\/\\\/atodavela.eu\\\/wp-content\\\/uploads\\\/2025\\\/07\\\/Logo-ATV-R.png\",\"width\":220,\"height\":220,\"caption\":\"A Toda Vela\"},\"image\":{\"@id\":\"https:\\\/\\\/atodavela.eu\\\/#\\\/schema\\\/logo\\\/image\\\/\"}}]}<\/script>\n<!-- \/ Yoast SEO plugin. -->","yoast_head_json":{"title":"TRAVES\u00cdA VIGO-C\u00c1DIZ-VIGO - A Toda Vela","description":"Disfruta de una traves\u00eda de altura entre C\u00e1diz y Vigo a bordo de un c\u00f3modo catamar\u00e1n de 40 pies.","robots":{"index":"index","follow":"follow","max-snippet":"max-snippet:-1","max-image-preview":"max-image-preview:large","max-video-preview":"max-video-preview:-1"},"canonical":"https:\/\/atodavela.eu\/en\/experiencias\/travesias\/","og_locale":"en_US","og_type":"article","og_title":"TRAVES\u00cdA VIGO-C\u00c1DIZ-VIGO - A Toda Vela","og_description":"Disfruta de una traves\u00eda de altura entre C\u00e1diz y Vigo a bordo de un c\u00f3modo catamar\u00e1n de 40 pies.","og_url":"https:\/\/atodavela.eu\/en\/experiencias\/travesias\/","og_site_name":"A Toda Vela","article_modified_time":"2025-09-18T08:39:47+00:00","og_image":[{"width":768,"height":1024,"url":"https:\/\/atodavela.eu\/wp-content\/uploads\/2025\/07\/catamaran-travesia-vigo.jpg","type":"image\/jpeg"}],"twitter_card":"summary_large_image","twitter_misc":{"Est. reading time":"1 minute"},"schema":{"@context":"https:\/\/schema.org","@graph":[{"@type":"WebPage","@id":"https:\/\/atodavela.eu\/experiencias\/travesias\/","url":"https:\/\/atodavela.eu\/experiencias\/travesias\/","name":"TRAVES\u00cdA VIGO-C\u00c1DIZ-VIGO - A Toda Vela","isPartOf":{"@id":"https:\/\/atodavela.eu\/#website"},"primaryImageOfPage":{"@id":"https:\/\/atodavela.eu\/experiencias\/travesias\/#primaryimage"},"image":{"@id":"https:\/\/atodavela.eu\/experiencias\/travesias\/#primaryimage"},"thumbnailUrl":"https:\/\/atodavela.eu\/wp-content\/uploads\/2025\/07\/catamaran-travesia-vigo.jpg","datePublished":"2025-07-09T11:35:36+00:00","dateModified":"2025-09-18T08:39:47+00:00","description":"Disfruta de una traves\u00eda de altura entre C\u00e1diz y Vigo a bordo de un c\u00f3modo catamar\u00e1n de 40 pies.","breadcrumb":{"@id":"https:\/\/atodavela.eu\/experiencias\/travesias\/#breadcrumb"},"inLanguage":"en-US","potentialAction":[{"@type":"ReadAction","target":["https:\/\/atodavela.eu\/experiencias\/travesias\/"]}]},{"@type":"ImageObject","inLanguage":"en-US","@id":"https:\/\/atodavela.eu\/experiencias\/travesias\/#primaryimage","url":"https:\/\/atodavela.eu\/wp-content\/uploads\/2025\/07\/catamaran-travesia-vigo.jpg","contentUrl":"https:\/\/atodavela.eu\/wp-content\/uploads\/2025\/07\/catamaran-travesia-vigo.jpg","width":768,"height":1024},{"@type":"BreadcrumbList","@id":"https:\/\/atodavela.eu\/experiencias\/travesias\/#breadcrumb","itemListElement":[{"@type":"ListItem","position":1,"name":"Portada","item":"https:\/\/atodavela.eu\/"},{"@type":"ListItem","position":2,"name":"Experiencias","item":"https:\/\/atodavela.eu\/experiencias\/"},{"@type":"ListItem","position":3,"name":"TRAVES\u00cdA VIGO-C\u00c1DIZ-VIGO"}]},{"@type":"WebSite","@id":"https:\/\/atodavela.eu\/#website","url":"https:\/\/atodavela.eu\/","name":"A Toda Vela","description":"Escuela N\u00e1utica, alquiler de barcos y experiencias Sea Starlight en C\u00e1diz","publisher":{"@id":"https:\/\/atodavela.eu\/#organization"},"potentialAction":[{"@type":"SearchAction","target":{"@type":"EntryPoint","urlTemplate":"https:\/\/atodavela.eu\/?s={search_term_string}"},"query-input":{"@type":"PropertyValueSpecification","valueRequired":true,"valueName":"search_term_string"}}],"inLanguage":"en-US"},{"@type":"Organization","@id":"https:\/\/atodavela.eu\/#organization","name":"A Toda Vela","url":"https:\/\/atodavela.eu\/","logo":{"@type":"ImageObject","inLanguage":"en-US","@id":"https:\/\/atodavela.eu\/#\/schema\/logo\/image\/","url":"https:\/\/atodavela.eu\/wp-content\/uploads\/2025\/07\/Logo-ATV-R.png","contentUrl":"https:\/\/atodavela.eu\/wp-content\/uploads\/2025\/07\/Logo-ATV-R.png","width":220,"height":220,"caption":"A Toda Vela"},"image":{"@id":"https:\/\/atodavela.eu\/#\/schema\/logo\/image\/"}}]}},"_links":{"self":[{"href":"https:\/\/atodavela.eu\/en\/wp-json\/wp\/v2\/pages\/310","targetHints":{"allow":["GET"]}}],"collection":[{"href":"https:\/\/atodavela.eu\/en\/wp-json\/wp\/v2\/pages"}],"about":[{"href":"https:\/\/atodavela.eu\/en\/wp-json\/wp\/v2\/types\/page"}],"author":[{"embeddable":true,"href":"https:\/\/atodavela.eu\/en\/wp-json\/wp\/v2\/users\/1"}],"replies":[{"embeddable":true,"href":"https:\/\/atodavela.eu\/en\/wp-json\/wp\/v2\/comments?post=310"}],"version-history":[{"count":7,"href":"https:\/\/atodavela.eu\/en\/wp-json\/wp\/v2\/pages\/310\/revisions"}],"predecessor-version":[{"id":794,"href":"https:\/\/atodavela.eu\/en\/wp-json\/wp\/v2\/pages\/310\/revisions\/794"}],"up":[{"embeddable":true,"href":"https:\/\/atodavela.eu\/en\/wp-json\/wp\/v2\/pages\/218"}],"wp:featuredmedia":[{"embeddable":true,"href":"https:\/\/atodavela.eu\/en\/wp-json\/wp\/v2\/media\/345"}],"wp:attachment":[{"href":"https:\/\/atodavela.eu\/en\/wp-json\/wp\/v2\/media?parent=310"}],"curies":[{"name":"wp","href":"https:\/\/api.w.org\/{rel}","templated":true}]}}