{"id":3154,"date":"2026-03-22T18:48:34","date_gmt":"2026-03-22T17:48:34","guid":{"rendered":"https:\/\/atodavela.eu\/?page_id=3154"},"modified":"2026-03-22T23:24:18","modified_gmt":"2026-03-22T22:24:18","slug":"velero-en-cadiz","status":"publish","type":"page","link":"https:\/\/atodavela.eu\/en\/velero-en-cadiz\/","title":{"rendered":"Velero en C\u00e1diz"},"content":{"rendered":"<div class=\"et_pb_section_0 et_pb_section et_section_regular et_block_section\">\n<div class=\"et_pb_row_0 et_pb_row et_block_row\">\n<div class=\"et_pb_column_0 et_pb_column et_pb_column_4_4 et-last-child et_block_column et_pb_css_mix_blend_mode_passthrough\">\n<div class=\"et_pb_text_0 et_pb_text et_pb_bg_layout_light et_pb_module et_block_module preset--module--divi-text--e6504a1b-67eb-4b3d-b023-bcab277610b6\"><div class=\"et_pb_text_inner\"><h3>A Toda Vela<\/h3>\n<\/div><\/div>\n\n<div class=\"et_pb_text_1 et_pb_text et_pb_bg_layout_dark et_pb_module et_block_module preset--module--divi-text--c16985e1-e0d6-4022-964d-e2bfc04fa633\"><div class=\"et_pb_text_inner\"><h1>Alquiler de velero en C\u00e1diz con patr\u00f3n<\/h1>\n<\/div><\/div>\n\n<div class=\"et_pb_text_2 et_pb_text et_pb_bg_layout_light et_pb_module et_block_module\"><div class=\"et_pb_text_inner\" data-et-mv-hidden-phone=\"true\"><p><span style=\"color: #ffffff;\">Descubre C\u00e1diz desde el mar a bordo de un velero con patr\u00f3n profesional.<\/span><\/p>\n<\/div><\/div>\n<\/div>\n<\/div>\n<\/div>\n\n<div class=\"et_pb_section_1 et_pb_section et_section_regular et_flex_section\">\n<div class=\"et_pb_row_1 et_pb_row et_flex_row\">\n<div class=\"et_pb_column_1 et_pb_column et-last-child et_flex_column et_pb_css_mix_blend_mode_passthrough et_flex_column_24_24 et_flex_column_24_24_tablet et_flex_column_24_24_phone\">\n<div class=\"et_pb_text_3 et_pb_text et_pb_bg_layout_light et_pb_module et_flex_module\"><div class=\"et_pb_text_inner\"><p>Alquilar un velero en C\u00e1diz con patr\u00f3n es una forma c\u00f3moda y segura de disfrutar del mar sin necesidad de experiencia previa. Navegar por la bah\u00eda, fondear en zonas tranquilas y contemplar la costa desde el agua convierte cada salida en una experiencia diferente.<\/p>\n<p>En A Toda Vela ofrecemos distintas opciones de salidas en velero en C\u00e1diz, adaptadas a cada tipo de cliente. Desde paseos relajados hasta experiencias m\u00e1s completas como la navegaci\u00f3n nocturna o salidas privadas, siempre con patr\u00f3n profesional y grupos reducidos. Si te interesa dar un paso m\u00e1s y aprender a navegar, tambi\u00e9n realizamos <a href=\"https:\/\/atodavela.eu\/en\/formacion-nautica\/practicas-nauticas-cadiz\/\"><strong data-start=\"284\" data-end=\"315\">pr\u00e1cticas n\u00e1uticas en C\u00e1diz<\/strong><\/a> con instructores profesionales.<\/p>\n<p>Puedes consultar todas nuestras opciones de <strong><a href=\"https:\/\/atodavela.eu\/en\/experiencias\/velero-cadiz\/\">paseos en velero en C\u00e1diz<\/a><\/strong> con calendario actualizado y reserva online.<\/p>\n<\/div><\/div>\n\n<div class=\"et_pb_text_4 et_pb_text et_pb_bg_layout_light et_pb_module et_flex_module\"><div class=\"et_pb_text_inner\"><h2><strong>Opciones de alquiler de velero en C\u00e1diz<\/strong><\/h2>\n<p>Puedes elegir entre distintas opciones seg\u00fan el tipo de experiencia que busques:<\/p>\n<p><strong><a href=\"https:\/\/atodavela.eu\/en\/experiencias\/velero-cadiz\/\">Paseos en velero en C\u00e1diz<\/a><\/strong><\/p>\n<p><strong><a href=\"https:\/\/atodavela.eu\/en\/experiencias\/sea-starlight-cadiz\/\">Experiencia Sea Starlight en C\u00e1diz<\/a><\/strong><\/p>\n<p><a href=\"https:\/\/atodavela.eu\/en\/experiencias\/velero-cadiz\/\">Salidas privadas en velero<\/a><\/p>\n<\/div><\/div>\n<\/div>\n<\/div>\n<\/div>\n\n<div class=\"et_pb_section_2 et_pb_section et_section_regular et_flex_section\"><\/div>\n\n<div class=\"et_pb_section_3 et_pb_section et_section_regular et_block_section\">\n<div class=\"et_pb_row_2 et_pb_row et_pb_equal_columns et_pb_gutters1 et_block_row\">\n<div class=\"et_pb_column_2 et_pb_column et_pb_column_1_2 et_block_column et_pb_css_mix_blend_mode_passthrough\">\n<div class=\"et_pb_divider_0 et_pb_divider_hidden et_pb_space et_pb_divider_position_top et_pb_module\"><div class=\"et_pb_divider_internal\"><\/div><\/div>\n<\/div>\n\n<div class=\"et_pb_column_3 et_pb_column et_pb_column_1_2 et-last-child et_block_column et_pb_css_mix_blend_mode_passthrough\">\n<div class=\"et_pb_text_5 et_pb_text et_pb_bg_layout_light et_pb_module et_block_module preset--module--divi-text--b327cbe4-b1d5-4b66-ad37-40c8f2f061ba\"><div class=\"et_pb_text_inner\"><h2>A TODA VELA,    at sea since 1999<\/h2>\n<\/div><\/div>\n\n<div class=\"et_pb_module et_pb_button_module_wrapper et_pb_button_0_wrapper preset--module--divi-button--31b4f027-aaa0-4f2f-ae02-959764e19e4f_wrapper\"><a class=\"et_pb_button_0 et_pb_button et_pb_bg_layout_light et_pb_module et_block_module preset--module--divi-button--31b4f027-aaa0-4f2f-ae02-959764e19e4f\" href=\"tel:\/\/+34633020299\">Call us<\/a><\/div>\n\n<div class=\"et_pb_text_6 et_pb_text et_pb_bg_layout_light et_pb_module et_block_module preset--module--divi-text--aaa7c440-590a-4078-ae0c-0f3c699ac51c\"><div class=\"et_pb_text_inner\"><p>At A Toda Vela, we\u2019ve spent more than 25 years training sailors and sharing our passion for the sea.<\/p>\n<p>We\u2019ll train you with courses and hands-on sessions tailored to every level \u2014 from the PER to Yacht Captain \u2014 including the sailing endorsement, PER extensions, radio operator courses, PNB and the Navigation Licence. \ud83d\udea4\u2728 Take the first step and make the sea your territory!<\/p>\n<\/div><\/div>\n<\/div>\n<\/div>\n<\/div>","protected":false},"excerpt":{"rendered":"","protected":false},"author":1,"featured_media":2909,"parent":0,"menu_order":0,"comment_status":"closed","ping_status":"closed","template":"","meta":{"footnotes":""},"class_list":["post-3154","page","type-page","status-publish","has-post-thumbnail","hentry"],"yoast_head":"<!-- This site is optimized with the Yoast SEO plugin v27.5 - https:\/\/yoast.com\/product\/yoast-seo-wordpress\/ -->\n<title>Alquiler de velero en C\u00e1diz con patr\u00f3n | A Toda Vela<\/title>\n<meta name=\"description\" content=\"Alquila un velero en C\u00e1diz con patr\u00f3n profesional. Disfruta del mar con salidas privadas, puestas de sol o experiencias exclusivas. Reserva online.\" \/>\n<meta name=\"robots\" content=\"index, follow, max-snippet:-1, max-image-preview:large, max-video-preview:-1\" \/>\n<link rel=\"canonical\" href=\"https:\/\/atodavela.eu\/en\/velero-en-cadiz\/\" \/>\n<meta property=\"og:locale\" content=\"en_US\" \/>\n<meta property=\"og:type\" content=\"article\" \/>\n<meta property=\"og:title\" content=\"Alquiler de velero en C\u00e1diz con patr\u00f3n | A Toda Vela\" \/>\n<meta property=\"og:description\" content=\"Alquila un velero en C\u00e1diz con patr\u00f3n profesional. Disfruta del mar con salidas privadas, puestas de sol o experiencias exclusivas. Reserva online.\" \/>\n<meta property=\"og:url\" content=\"https:\/\/atodavela.eu\/en\/velero-en-cadiz\/\" \/>\n<meta property=\"og:site_name\" content=\"A Toda Vela\" \/>\n<meta property=\"article:modified_time\" content=\"2026-03-22T22:24:18+00:00\" \/>\n<meta property=\"og:image\" content=\"https:\/\/atodavela.eu\/wp-content\/uploads\/2026\/03\/bovara-genova-19.jpg\" \/>\n\t<meta property=\"og:image:width\" content=\"2000\" \/>\n\t<meta property=\"og:image:height\" content=\"1500\" \/>\n\t<meta property=\"og:image:type\" content=\"image\/jpeg\" \/>\n<meta name=\"twitter:card\" content=\"summary_large_image\" \/>\n<meta name=\"twitter:label1\" content=\"Est. reading time\" \/>\n\t<meta name=\"twitter:data1\" content=\"1 minute\" \/>\n<script type=\"application\/ld+json\" class=\"yoast-schema-graph\">{\"@context\":\"https:\\\/\\\/schema.org\",\"@graph\":[{\"@type\":[\"WebPage\",\"QAPage\"],\"@id\":\"https:\\\/\\\/atodavela.eu\\\/velero-en-cadiz\\\/\",\"url\":\"https:\\\/\\\/atodavela.eu\\\/velero-en-cadiz\\\/\",\"name\":\"Alquiler de velero en C\u00e1diz con patr\u00f3n | A Toda Vela\",\"isPartOf\":{\"@id\":\"https:\\\/\\\/atodavela.eu\\\/#website\"},\"primaryImageOfPage\":{\"@id\":\"https:\\\/\\\/atodavela.eu\\\/velero-en-cadiz\\\/#primaryimage\"},\"image\":{\"@id\":\"https:\\\/\\\/atodavela.eu\\\/velero-en-cadiz\\\/#primaryimage\"},\"thumbnailUrl\":\"https:\\\/\\\/atodavela.eu\\\/wp-content\\\/uploads\\\/2026\\\/03\\\/bovara-genova-19.jpg\",\"datePublished\":\"2026-03-22T17:48:34+00:00\",\"dateModified\":\"2026-03-22T22:24:18+00:00\",\"description\":\"Alquila un velero en C\u00e1diz con patr\u00f3n profesional. Disfruta del mar con salidas privadas, puestas de sol o experiencias exclusivas. Reserva online.\",\"breadcrumb\":{\"@id\":\"https:\\\/\\\/atodavela.eu\\\/velero-en-cadiz\\\/#breadcrumb\"},\"inLanguage\":\"en-US\",\"potentialAction\":[{\"@type\":\"ReadAction\",\"target\":[\"https:\\\/\\\/atodavela.eu\\\/velero-en-cadiz\\\/\"]}]},{\"@type\":\"ImageObject\",\"inLanguage\":\"en-US\",\"@id\":\"https:\\\/\\\/atodavela.eu\\\/velero-en-cadiz\\\/#primaryimage\",\"url\":\"https:\\\/\\\/atodavela.eu\\\/wp-content\\\/uploads\\\/2026\\\/03\\\/bovara-genova-19.jpg\",\"contentUrl\":\"https:\\\/\\\/atodavela.eu\\\/wp-content\\\/uploads\\\/2026\\\/03\\\/bovara-genova-19.jpg\",\"width\":2000,\"height\":1500,\"caption\":\"Velero navegando frente a C\u00e1diz al atardecer\"},{\"@type\":\"BreadcrumbList\",\"@id\":\"https:\\\/\\\/atodavela.eu\\\/velero-en-cadiz\\\/#breadcrumb\",\"itemListElement\":[{\"@type\":\"ListItem\",\"position\":1,\"name\":\"Portada\",\"item\":\"https:\\\/\\\/atodavela.eu\\\/\"},{\"@type\":\"ListItem\",\"position\":2,\"name\":\"Velero en C\u00e1diz\"}]},{\"@type\":\"WebSite\",\"@id\":\"https:\\\/\\\/atodavela.eu\\\/#website\",\"url\":\"https:\\\/\\\/atodavela.eu\\\/\",\"name\":\"A Toda Vela\",\"description\":\"Escuela N\u00e1utica, alquiler de barcos y experiencias Sea Starlight en C\u00e1diz\",\"publisher\":{\"@id\":\"https:\\\/\\\/atodavela.eu\\\/#organization\"},\"potentialAction\":[{\"@type\":\"SearchAction\",\"target\":{\"@type\":\"EntryPoint\",\"urlTemplate\":\"https:\\\/\\\/atodavela.eu\\\/?s={search_term_string}\"},\"query-input\":{\"@type\":\"PropertyValueSpecification\",\"valueRequired\":true,\"valueName\":\"search_term_string\"}}],\"inLanguage\":\"en-US\"},{\"@type\":\"Organization\",\"@id\":\"https:\\\/\\\/atodavela.eu\\\/#organization\",\"name\":\"A Toda Vela\",\"url\":\"https:\\\/\\\/atodavela.eu\\\/\",\"logo\":{\"@type\":\"ImageObject\",\"inLanguage\":\"en-US\",\"@id\":\"https:\\\/\\\/atodavela.eu\\\/#\\\/schema\\\/logo\\\/image\\\/\",\"url\":\"https:\\\/\\\/atodavela.eu\\\/wp-content\\\/uploads\\\/2025\\\/07\\\/Logo-ATV-R.png\",\"contentUrl\":\"https:\\\/\\\/atodavela.eu\\\/wp-content\\\/uploads\\\/2025\\\/07\\\/Logo-ATV-R.png\",\"width\":220,\"height\":220,\"caption\":\"A Toda Vela\"},\"image\":{\"@id\":\"https:\\\/\\\/atodavela.eu\\\/#\\\/schema\\\/logo\\\/image\\\/\"}}]}<\/script>\n<!-- \/ Yoast SEO plugin. -->","yoast_head_json":{"title":"Alquiler de velero en C\u00e1diz con patr\u00f3n | A Toda Vela","description":"Alquila un velero en C\u00e1diz con patr\u00f3n profesional. Disfruta del mar con salidas privadas, puestas de sol o experiencias exclusivas. Reserva online.","robots":{"index":"index","follow":"follow","max-snippet":"max-snippet:-1","max-image-preview":"max-image-preview:large","max-video-preview":"max-video-preview:-1"},"canonical":"https:\/\/atodavela.eu\/en\/velero-en-cadiz\/","og_locale":"en_US","og_type":"article","og_title":"Alquiler de velero en C\u00e1diz con patr\u00f3n | A Toda Vela","og_description":"Alquila un velero en C\u00e1diz con patr\u00f3n profesional. Disfruta del mar con salidas privadas, puestas de sol o experiencias exclusivas. Reserva online.","og_url":"https:\/\/atodavela.eu\/en\/velero-en-cadiz\/","og_site_name":"A Toda Vela","article_modified_time":"2026-03-22T22:24:18+00:00","og_image":[{"width":2000,"height":1500,"url":"https:\/\/atodavela.eu\/wp-content\/uploads\/2026\/03\/bovara-genova-19.jpg","type":"image\/jpeg"}],"twitter_card":"summary_large_image","twitter_misc":{"Est. reading time":"1 minute"},"schema":{"@context":"https:\/\/schema.org","@graph":[{"@type":["WebPage","QAPage"],"@id":"https:\/\/atodavela.eu\/velero-en-cadiz\/","url":"https:\/\/atodavela.eu\/velero-en-cadiz\/","name":"Alquiler de velero en C\u00e1diz con patr\u00f3n | A Toda Vela","isPartOf":{"@id":"https:\/\/atodavela.eu\/#website"},"primaryImageOfPage":{"@id":"https:\/\/atodavela.eu\/velero-en-cadiz\/#primaryimage"},"image":{"@id":"https:\/\/atodavela.eu\/velero-en-cadiz\/#primaryimage"},"thumbnailUrl":"https:\/\/atodavela.eu\/wp-content\/uploads\/2026\/03\/bovara-genova-19.jpg","datePublished":"2026-03-22T17:48:34+00:00","dateModified":"2026-03-22T22:24:18+00:00","description":"Alquila un velero en C\u00e1diz con patr\u00f3n profesional. Disfruta del mar con salidas privadas, puestas de sol o experiencias exclusivas. Reserva online.","breadcrumb":{"@id":"https:\/\/atodavela.eu\/velero-en-cadiz\/#breadcrumb"},"inLanguage":"en-US","potentialAction":[{"@type":"ReadAction","target":["https:\/\/atodavela.eu\/velero-en-cadiz\/"]}]},{"@type":"ImageObject","inLanguage":"en-US","@id":"https:\/\/atodavela.eu\/velero-en-cadiz\/#primaryimage","url":"https:\/\/atodavela.eu\/wp-content\/uploads\/2026\/03\/bovara-genova-19.jpg","contentUrl":"https:\/\/atodavela.eu\/wp-content\/uploads\/2026\/03\/bovara-genova-19.jpg","width":2000,"height":1500,"caption":"Velero navegando frente a C\u00e1diz al atardecer"},{"@type":"BreadcrumbList","@id":"https:\/\/atodavela.eu\/velero-en-cadiz\/#breadcrumb","itemListElement":[{"@type":"ListItem","position":1,"name":"Portada","item":"https:\/\/atodavela.eu\/"},{"@type":"ListItem","position":2,"name":"Velero en C\u00e1diz"}]},{"@type":"WebSite","@id":"https:\/\/atodavela.eu\/#website","url":"https:\/\/atodavela.eu\/","name":"A Toda Vela","description":"Escuela N\u00e1utica, alquiler de barcos y experiencias Sea Starlight en C\u00e1diz","publisher":{"@id":"https:\/\/atodavela.eu\/#organization"},"potentialAction":[{"@type":"SearchAction","target":{"@type":"EntryPoint","urlTemplate":"https:\/\/atodavela.eu\/?s={search_term_string}"},"query-input":{"@type":"PropertyValueSpecification","valueRequired":true,"valueName":"search_term_string"}}],"inLanguage":"en-US"},{"@type":"Organization","@id":"https:\/\/atodavela.eu\/#organization","name":"A Toda Vela","url":"https:\/\/atodavela.eu\/","logo":{"@type":"ImageObject","inLanguage":"en-US","@id":"https:\/\/atodavela.eu\/#\/schema\/logo\/image\/","url":"https:\/\/atodavela.eu\/wp-content\/uploads\/2025\/07\/Logo-ATV-R.png","contentUrl":"https:\/\/atodavela.eu\/wp-content\/uploads\/2025\/07\/Logo-ATV-R.png","width":220,"height":220,"caption":"A Toda Vela"},"image":{"@id":"https:\/\/atodavela.eu\/#\/schema\/logo\/image\/"}}]}},"_links":{"self":[{"href":"https:\/\/atodavela.eu\/en\/wp-json\/wp\/v2\/pages\/3154","targetHints":{"allow":["GET"]}}],"collection":[{"href":"https:\/\/atodavela.eu\/en\/wp-json\/wp\/v2\/pages"}],"about":[{"href":"https:\/\/atodavela.eu\/en\/wp-json\/wp\/v2\/types\/page"}],"author":[{"embeddable":true,"href":"https:\/\/atodavela.eu\/en\/wp-json\/wp\/v2\/users\/1"}],"replies":[{"embeddable":true,"href":"https:\/\/atodavela.eu\/en\/wp-json\/wp\/v2\/comments?post=3154"}],"version-history":[{"count":5,"href":"https:\/\/atodavela.eu\/en\/wp-json\/wp\/v2\/pages\/3154\/revisions"}],"predecessor-version":[{"id":3172,"href":"https:\/\/atodavela.eu\/en\/wp-json\/wp\/v2\/pages\/3154\/revisions\/3172"}],"wp:featuredmedia":[{"embeddable":true,"href":"https:\/\/atodavela.eu\/en\/wp-json\/wp\/v2\/media\/2909"}],"wp:attachment":[{"href":"https:\/\/atodavela.eu\/en\/wp-json\/wp\/v2\/media?parent=3154"}],"curies":[{"name":"wp","href":"https:\/\/api.w.org\/{rel}","templated":true}]}}